{"id":731,"date":"2019-02-05T10:13:28","date_gmt":"2019-02-05T15:13:28","guid":{"rendered":"http:\/\/crcoc.ca\/?page_id=731"},"modified":"2021-09-29T01:06:41","modified_gmt":"2021-09-29T05:06:41","slug":"autisme","status":"publish","type":"page","link":"https:\/\/www.crcoc.ca\/fr\/on-y-va\/autisme\/","title":{"rendered":"Autisme"},"content":{"rendered":"\t\t<div data-elementor-type=\"wp-post\" data-elementor-id=\"731\" class=\"elementor elementor-731 elementor-727\" data-elementor-post-type=\"page\">\n\t\t\t\t\t\t<section class=\"elementor-section elementor-top-section elementor-element elementor-element-9ea44f1 elementor-section-boxed elementor-section-height-default elementor-section-height-default\" data-id=\"9ea44f1\" data-element_type=\"section\" data-e-type=\"section\">\n\t\t\t\t\t\t<div class=\"elementor-container elementor-column-gap-default\">\n\t\t\t\t\t<div class=\"elementor-column elementor-col-100 elementor-top-column elementor-element elementor-element-51e3ec5\" data-id=\"51e3ec5\" data-element_type=\"column\" data-e-type=\"column\">\n\t\t\t<div class=\"elementor-widget-wrap elementor-element-populated\">\n\t\t\t\t\t\t<div class=\"elementor-element elementor-element-5d9a016 elementor-widget elementor-widget-image\" data-id=\"5d9a016\" data-element_type=\"widget\" data-e-type=\"widget\" data-widget_type=\"image.default\">\n\t\t\t\t<div class=\"elementor-widget-container\">\n\t\t\t\t\t\t\t\t\t\t\t\t<figure class=\"wp-caption\">\n\t\t\t\t\t\t\t\t\t\t\t<a href=\"http:\/\/sfoautisme.org\/\">\n\t\t\t\t\t\t\t<img fetchpriority=\"high\" decoding=\"async\" width=\"686\" height=\"130\" src=\"http:\/\/www.crcoc.ca\/wp-content\/uploads\/2019\/03\/Societe-Franco-Ontarienne-Austime_logo.png\" class=\"attachment-large size-large wp-image-6414\" alt=\"\" srcset=\"http:\/\/www.crcoc.ca\/wp-content\/uploads\/2019\/03\/Societe-Franco-Ontarienne-Austime_logo.png 686w, http:\/\/www.crcoc.ca\/wp-content\/uploads\/2019\/03\/Societe-Franco-Ontarienne-Austime_logo-300x57.png 300w\" sizes=\"(max-width: 686px) 100vw, 686px\" \/>\t\t\t\t\t\t\t\t<\/a>\n\t\t\t\t\t\t\t\t\t\t\t<figcaption class=\"widget-image-caption wp-caption-text\">Soci\u00e9t\u00e9 franco-ontarienne de l\u2019autisme (SFOA)<\/figcaption>\n\t\t\t\t\t\t\t\t\t\t<\/figure>\n\t\t\t\t\t\t\t\t\t<\/div>\n\t\t\t\t<\/div>\n\t\t\t\t<div class=\"elementor-element elementor-element-aca3f89 elementor-align-justify elementor-widget elementor-widget-button\" data-id=\"aca3f89\" data-element_type=\"widget\" data-e-type=\"widget\" data-widget_type=\"button.default\">\n\t\t\t\t<div class=\"elementor-widget-container\">\n\t\t\t\t\t\t\t\t\t<div class=\"elementor-button-wrapper\">\n\t\t\t\t\t<a class=\"elementor-button elementor-button-link elementor-size-sm\" href=\"https:\/\/sfoautisme.org\/\" target=\"_blank\">\n\t\t\t\t\t\t<span class=\"elementor-button-content-wrapper\">\n\t\t\t\t\t\t\t\t\t<span class=\"elementor-button-text\">Consulter le site web<\/span>\n\t\t\t\t\t<\/span>\n\t\t\t\t\t<\/a>\n\t\t\t\t<\/div>\n\t\t\t\t\t\t\t\t<\/div>\n\t\t\t\t<\/div>\n\t\t\t\t<div class=\"elementor-element elementor-element-0cf2fb8 elementor-widget elementor-widget-heading\" data-id=\"0cf2fb8\" data-element_type=\"widget\" data-e-type=\"widget\" data-widget_type=\"heading.default\">\n\t\t\t\t<div class=\"elementor-widget-container\">\n\t\t\t\t\t<h3 class=\"elementor-heading-title elementor-size-default\">Aide pour personnes souffrant du trouble du spectre d\u2019autisme et leur famille<\/h3>\t\t\t\t<\/div>\n\t\t\t\t<\/div>\n\t\t\t\t<div class=\"elementor-element elementor-element-81d4c7a elementor-widget elementor-widget-text-editor\" data-id=\"81d4c7a\" data-element_type=\"widget\" data-e-type=\"widget\" data-widget_type=\"text-editor.default\">\n\t\t\t\t<div class=\"elementor-widget-container\">\n\t\t\t\t\t\t\t\t\t<p>\u2022 Programmes vari\u00e9s, camps d\u2019\u00e9t\u00e9 et activit\u00e9s<br \/>\u2022 Appui au niveau scolaire \u00e0 Ottawa et dans le territoire de Prescott-Russell<\/p>\t\t\t\t\t\t\t\t<\/div>\n\t\t\t\t<\/div>\n\t\t\t\t<div class=\"elementor-element elementor-element-d579737 elementor-widget-divider--view-line elementor-widget elementor-widget-divider\" data-id=\"d579737\" data-element_type=\"widget\" data-e-type=\"widget\" data-widget_type=\"divider.default\">\n\t\t\t\t<div class=\"elementor-widget-container\">\n\t\t\t\t\t\t\t<div class=\"elementor-divider\">\n\t\t\t<span class=\"elementor-divider-separator\">\n\t\t\t\t\t\t<\/span>\n\t\t<\/div>\n\t\t\t\t\t\t<\/div>\n\t\t\t\t<\/div>\n\t\t\t\t<div class=\"elementor-element elementor-element-56c9082 elementor-widget elementor-widget-text-editor\" data-id=\"56c9082\" data-element_type=\"widget\" data-e-type=\"widget\" data-widget_type=\"text-editor.default\">\n\t\t\t\t<div class=\"elementor-widget-container\">\n\t\t\t\t\t\t\t\t\t<h3><strong>Pour plus d\u2019informations, communiquez avec le CRCOC au: 613 830-4357, poste 300<\/strong><br \/><strong>ou<\/strong><br \/><strong><a href=\"mailto:sfoautisme@gmail.com\">sfoautisme@gmail.com<\/a>.<\/strong><\/h3>\t\t\t\t\t\t\t\t<\/div>\n\t\t\t\t<\/div>\n\t\t\t\t\t<\/div>\n\t\t<\/div>\n\t\t\t\t\t<\/div>\n\t\t<\/section>\n\t\t\t\t<\/div>\n\t\t","protected":false},"excerpt":{"rendered":"<p>Soci\u00e9t\u00e9 franco-ontarienne de l\u2019autisme (SFOA) Consulter le site web Aide pour personnes souffrant du trouble du spectre d\u2019autisme et leur famille \u2022 Programmes vari\u00e9s, camps d\u2019\u00e9t\u00e9 et activit\u00e9s\u2022 Appui au niveau scolaire \u00e0 Ottawa et dans le territoire de Prescott-Russell Pour plus d\u2019informations, communiquez avec le CRCOC au: 613 830-4357, poste 300ousfoautisme@gmail.com.<\/p>\n","protected":false},"author":1,"featured_media":0,"parent":839,"menu_order":0,"comment_status":"closed","ping_status":"closed","template":"","meta":{"footnotes":""},"class_list":["post-731","page","type-page","status-publish"],"yoast_head":"<!-- This site is optimized with the Yoast SEO plugin v27.3 - https:\/\/yoast.com\/product\/yoast-seo-wordpress\/ -->\n<title>Autisme - CRCOC - OCCRC<\/title>\n<meta name=\"robots\" content=\"index, follow, max-snippet:-1, max-image-preview:large, max-video-preview:-1\" \/>\n<link rel=\"canonical\" href=\"https:\/\/www.crcoc.ca\/fr\/on-y-va\/autisme\/\" \/>\n<meta property=\"og:locale\" content=\"fr_FR\" \/>\n<meta property=\"og:type\" content=\"article\" \/>\n<meta property=\"og:title\" content=\"Autisme - CRCOC - OCCRC\" \/>\n<meta property=\"og:description\" content=\"Soci\u00e9t\u00e9 franco-ontarienne de l\u2019autisme (SFOA) Consulter le site web Aide pour personnes souffrant du trouble du spectre d\u2019autisme et leur famille \u2022 Programmes vari\u00e9s, camps d\u2019\u00e9t\u00e9 et activit\u00e9s\u2022 Appui au niveau scolaire \u00e0 Ottawa et dans le territoire de Prescott-Russell Pour plus d\u2019informations, communiquez avec le CRCOC au: 613 830-4357, poste 300ousfoautisme@gmail.com.\" \/>\n<meta property=\"og:url\" content=\"https:\/\/www.crcoc.ca\/fr\/on-y-va\/autisme\/\" \/>\n<meta property=\"og:site_name\" content=\"CRCOC - OCCRC\" \/>\n<meta property=\"article:publisher\" content=\"https:\/\/www.facebook.com\/OCCRC.CRCOC\/\" \/>\n<meta property=\"article:modified_time\" content=\"2021-09-29T05:06:41+00:00\" \/>\n<meta property=\"og:image\" content=\"https:\/\/www.crcoc.ca\/wp-content\/uploads\/2019\/03\/Societe-Franco-Ontarienne-Austime_logo.png\" \/>\n<meta name=\"twitter:card\" content=\"summary_large_image\" \/>\n<meta name=\"twitter:site\" content=\"@OCCRC_CRCOC\" \/>\n<meta name=\"twitter:label1\" content=\"Dur\u00e9e de lecture estim\u00e9e\" \/>\n\t<meta name=\"twitter:data1\" content=\"1 minute\" \/>\n<script type=\"application\/ld+json\" class=\"yoast-schema-graph\">{\"@context\":\"https:\\\/\\\/schema.org\",\"@graph\":[{\"@type\":\"WebPage\",\"@id\":\"https:\\\/\\\/www.crcoc.ca\\\/fr\\\/on-y-va\\\/autisme\\\/\",\"url\":\"https:\\\/\\\/www.crcoc.ca\\\/fr\\\/on-y-va\\\/autisme\\\/\",\"name\":\"Autisme - CRCOC - OCCRC\",\"isPartOf\":{\"@id\":\"http:\\\/\\\/www.crcoc.ca\\\/fr\\\/#website\"},\"primaryImageOfPage\":{\"@id\":\"https:\\\/\\\/www.crcoc.ca\\\/fr\\\/on-y-va\\\/autisme\\\/#primaryimage\"},\"image\":{\"@id\":\"https:\\\/\\\/www.crcoc.ca\\\/fr\\\/on-y-va\\\/autisme\\\/#primaryimage\"},\"thumbnailUrl\":\"https:\\\/\\\/www.crcoc.ca\\\/wp-content\\\/uploads\\\/2019\\\/03\\\/Societe-Franco-Ontarienne-Austime_logo.png\",\"datePublished\":\"2019-02-05T15:13:28+00:00\",\"dateModified\":\"2021-09-29T05:06:41+00:00\",\"breadcrumb\":{\"@id\":\"https:\\\/\\\/www.crcoc.ca\\\/fr\\\/on-y-va\\\/autisme\\\/#breadcrumb\"},\"inLanguage\":\"fr-FR\",\"potentialAction\":[{\"@type\":\"ReadAction\",\"target\":[\"https:\\\/\\\/www.crcoc.ca\\\/fr\\\/on-y-va\\\/autisme\\\/\"]}]},{\"@type\":\"ImageObject\",\"inLanguage\":\"fr-FR\",\"@id\":\"https:\\\/\\\/www.crcoc.ca\\\/fr\\\/on-y-va\\\/autisme\\\/#primaryimage\",\"url\":\"https:\\\/\\\/www.crcoc.ca\\\/wp-content\\\/uploads\\\/2019\\\/03\\\/Societe-Franco-Ontarienne-Austime_logo.png\",\"contentUrl\":\"https:\\\/\\\/www.crcoc.ca\\\/wp-content\\\/uploads\\\/2019\\\/03\\\/Societe-Franco-Ontarienne-Austime_logo.png\"},{\"@type\":\"BreadcrumbList\",\"@id\":\"https:\\\/\\\/www.crcoc.ca\\\/fr\\\/on-y-va\\\/autisme\\\/#breadcrumb\",\"itemListElement\":[{\"@type\":\"ListItem\",\"position\":1,\"name\":\"Home\",\"item\":\"https:\\\/\\\/www.crcoc.ca\\\/fr\\\/\"},{\"@type\":\"ListItem\",\"position\":2,\"name\":\"ON y va\",\"item\":\"https:\\\/\\\/www.crcoc.ca\\\/fr\\\/on-y-va\\\/\"},{\"@type\":\"ListItem\",\"position\":3,\"name\":\"Autisme\"}]},{\"@type\":\"WebSite\",\"@id\":\"http:\\\/\\\/www.crcoc.ca\\\/fr\\\/#website\",\"url\":\"http:\\\/\\\/www.crcoc.ca\\\/fr\\\/\",\"name\":\"CRCOC - OCCRC\",\"description\":\"Centre de ressources communautaires Orl\u00e9ans-Cumberland | Orl\u00e9ans-Cumberland Community Resource Center\",\"publisher\":{\"@id\":\"http:\\\/\\\/www.crcoc.ca\\\/fr\\\/#organization\"},\"potentialAction\":[{\"@type\":\"SearchAction\",\"target\":{\"@type\":\"EntryPoint\",\"urlTemplate\":\"http:\\\/\\\/www.crcoc.ca\\\/fr\\\/?s={search_term_string}\"},\"query-input\":{\"@type\":\"PropertyValueSpecification\",\"valueRequired\":true,\"valueName\":\"search_term_string\"}}],\"inLanguage\":\"fr-FR\"},{\"@type\":\"Organization\",\"@id\":\"http:\\\/\\\/www.crcoc.ca\\\/fr\\\/#organization\",\"name\":\"Orl\u00e9ans-Cumberland Community Resource Centre\",\"url\":\"http:\\\/\\\/www.crcoc.ca\\\/fr\\\/\",\"logo\":{\"@type\":\"ImageObject\",\"inLanguage\":\"fr-FR\",\"@id\":\"http:\\\/\\\/www.crcoc.ca\\\/fr\\\/#\\\/schema\\\/logo\\\/image\\\/\",\"url\":\"https:\\\/\\\/www.crcoc.ca\\\/wp-content\\\/uploads\\\/2019\\\/01\\\/cropped-Logo_OCCRCeachside-1.png\",\"contentUrl\":\"https:\\\/\\\/www.crcoc.ca\\\/wp-content\\\/uploads\\\/2019\\\/01\\\/cropped-Logo_OCCRCeachside-1.png\",\"width\":512,\"height\":512,\"caption\":\"Orl\u00e9ans-Cumberland Community Resource Centre\"},\"image\":{\"@id\":\"http:\\\/\\\/www.crcoc.ca\\\/fr\\\/#\\\/schema\\\/logo\\\/image\\\/\"},\"sameAs\":[\"https:\\\/\\\/www.facebook.com\\\/OCCRC.CRCOC\\\/\",\"https:\\\/\\\/x.com\\\/OCCRC_CRCOC\",\"https:\\\/\\\/instagram.com\\\/occrcyp_crcocpj\\\/\"]}]}<\/script>\n<!-- \/ Yoast SEO plugin. -->","yoast_head_json":{"title":"Autisme - CRCOC - OCCRC","robots":{"index":"index","follow":"follow","max-snippet":"max-snippet:-1","max-image-preview":"max-image-preview:large","max-video-preview":"max-video-preview:-1"},"canonical":"https:\/\/www.crcoc.ca\/fr\/on-y-va\/autisme\/","og_locale":"fr_FR","og_type":"article","og_title":"Autisme - CRCOC - OCCRC","og_description":"Soci\u00e9t\u00e9 franco-ontarienne de l\u2019autisme (SFOA) Consulter le site web Aide pour personnes souffrant du trouble du spectre d\u2019autisme et leur famille \u2022 Programmes vari\u00e9s, camps d\u2019\u00e9t\u00e9 et activit\u00e9s\u2022 Appui au niveau scolaire \u00e0 Ottawa et dans le territoire de Prescott-Russell Pour plus d\u2019informations, communiquez avec le CRCOC au: 613 830-4357, poste 300ousfoautisme@gmail.com.","og_url":"https:\/\/www.crcoc.ca\/fr\/on-y-va\/autisme\/","og_site_name":"CRCOC - OCCRC","article_publisher":"https:\/\/www.facebook.com\/OCCRC.CRCOC\/","article_modified_time":"2021-09-29T05:06:41+00:00","og_image":[{"url":"https:\/\/www.crcoc.ca\/wp-content\/uploads\/2019\/03\/Societe-Franco-Ontarienne-Austime_logo.png","type":"","width":"","height":""}],"twitter_card":"summary_large_image","twitter_site":"@OCCRC_CRCOC","twitter_misc":{"Dur\u00e9e de lecture estim\u00e9e":"1 minute"},"schema":{"@context":"https:\/\/schema.org","@graph":[{"@type":"WebPage","@id":"https:\/\/www.crcoc.ca\/fr\/on-y-va\/autisme\/","url":"https:\/\/www.crcoc.ca\/fr\/on-y-va\/autisme\/","name":"Autisme - CRCOC - OCCRC","isPartOf":{"@id":"http:\/\/www.crcoc.ca\/fr\/#website"},"primaryImageOfPage":{"@id":"https:\/\/www.crcoc.ca\/fr\/on-y-va\/autisme\/#primaryimage"},"image":{"@id":"https:\/\/www.crcoc.ca\/fr\/on-y-va\/autisme\/#primaryimage"},"thumbnailUrl":"https:\/\/www.crcoc.ca\/wp-content\/uploads\/2019\/03\/Societe-Franco-Ontarienne-Austime_logo.png","datePublished":"2019-02-05T15:13:28+00:00","dateModified":"2021-09-29T05:06:41+00:00","breadcrumb":{"@id":"https:\/\/www.crcoc.ca\/fr\/on-y-va\/autisme\/#breadcrumb"},"inLanguage":"fr-FR","potentialAction":[{"@type":"ReadAction","target":["https:\/\/www.crcoc.ca\/fr\/on-y-va\/autisme\/"]}]},{"@type":"ImageObject","inLanguage":"fr-FR","@id":"https:\/\/www.crcoc.ca\/fr\/on-y-va\/autisme\/#primaryimage","url":"https:\/\/www.crcoc.ca\/wp-content\/uploads\/2019\/03\/Societe-Franco-Ontarienne-Austime_logo.png","contentUrl":"https:\/\/www.crcoc.ca\/wp-content\/uploads\/2019\/03\/Societe-Franco-Ontarienne-Austime_logo.png"},{"@type":"BreadcrumbList","@id":"https:\/\/www.crcoc.ca\/fr\/on-y-va\/autisme\/#breadcrumb","itemListElement":[{"@type":"ListItem","position":1,"name":"Home","item":"https:\/\/www.crcoc.ca\/fr\/"},{"@type":"ListItem","position":2,"name":"ON y va","item":"https:\/\/www.crcoc.ca\/fr\/on-y-va\/"},{"@type":"ListItem","position":3,"name":"Autisme"}]},{"@type":"WebSite","@id":"http:\/\/www.crcoc.ca\/fr\/#website","url":"http:\/\/www.crcoc.ca\/fr\/","name":"CRCOC - OCCRC","description":"Centre de ressources communautaires Orl\u00e9ans-Cumberland | Orl\u00e9ans-Cumberland Community Resource Center","publisher":{"@id":"http:\/\/www.crcoc.ca\/fr\/#organization"},"potentialAction":[{"@type":"SearchAction","target":{"@type":"EntryPoint","urlTemplate":"http:\/\/www.crcoc.ca\/fr\/?s={search_term_string}"},"query-input":{"@type":"PropertyValueSpecification","valueRequired":true,"valueName":"search_term_string"}}],"inLanguage":"fr-FR"},{"@type":"Organization","@id":"http:\/\/www.crcoc.ca\/fr\/#organization","name":"Orl\u00e9ans-Cumberland Community Resource Centre","url":"http:\/\/www.crcoc.ca\/fr\/","logo":{"@type":"ImageObject","inLanguage":"fr-FR","@id":"http:\/\/www.crcoc.ca\/fr\/#\/schema\/logo\/image\/","url":"https:\/\/www.crcoc.ca\/wp-content\/uploads\/2019\/01\/cropped-Logo_OCCRCeachside-1.png","contentUrl":"https:\/\/www.crcoc.ca\/wp-content\/uploads\/2019\/01\/cropped-Logo_OCCRCeachside-1.png","width":512,"height":512,"caption":"Orl\u00e9ans-Cumberland Community Resource Centre"},"image":{"@id":"http:\/\/www.crcoc.ca\/fr\/#\/schema\/logo\/image\/"},"sameAs":["https:\/\/www.facebook.com\/OCCRC.CRCOC\/","https:\/\/x.com\/OCCRC_CRCOC","https:\/\/instagram.com\/occrcyp_crcocpj\/"]}]}},"_links":{"self":[{"href":"https:\/\/www.crcoc.ca\/fr\/wp-json\/wp\/v2\/pages\/731","targetHints":{"allow":["GET"]}}],"collection":[{"href":"https:\/\/www.crcoc.ca\/fr\/wp-json\/wp\/v2\/pages"}],"about":[{"href":"https:\/\/www.crcoc.ca\/fr\/wp-json\/wp\/v2\/types\/page"}],"author":[{"embeddable":true,"href":"https:\/\/www.crcoc.ca\/fr\/wp-json\/wp\/v2\/users\/1"}],"replies":[{"embeddable":true,"href":"https:\/\/www.crcoc.ca\/fr\/wp-json\/wp\/v2\/comments?post=731"}],"version-history":[{"count":5,"href":"https:\/\/www.crcoc.ca\/fr\/wp-json\/wp\/v2\/pages\/731\/revisions"}],"predecessor-version":[{"id":22075,"href":"https:\/\/www.crcoc.ca\/fr\/wp-json\/wp\/v2\/pages\/731\/revisions\/22075"}],"up":[{"embeddable":true,"href":"https:\/\/www.crcoc.ca\/fr\/wp-json\/wp\/v2\/pages\/839"}],"wp:attachment":[{"href":"https:\/\/www.crcoc.ca\/fr\/wp-json\/wp\/v2\/media?parent=731"}],"curies":[{"name":"wp","href":"https:\/\/api.w.org\/{rel}","templated":true}]}}