{"version":"1.0","provider_name":"CRCOC - OCCRC","provider_url":"https:\/\/www.crcoc.ca\/fr\/","author_name":"Suzanne Wert","author_url":"https:\/\/www.crcoc.ca\/fr\/author\/su3wertcrcoc\/","title":"Poste combl\u00e9: Transport \u2013 remplacement d\u2019\u00e9t\u00e9 - CRCOC - OCCRC","type":"rich","width":600,"height":338,"html":"<blockquote class=\"wp-embedded-content\" data-secret=\"xrHWUIh1dn\"><a href=\"https:\/\/www.crcoc.ca\/fr\/call-for-volunteer-transportation-summer-replacement\/\">Poste combl\u00e9: Transport \u2013 remplacement d\u2019\u00e9t\u00e9<\/a><\/blockquote><iframe sandbox=\"allow-scripts\" security=\"restricted\" src=\"https:\/\/www.crcoc.ca\/fr\/call-for-volunteer-transportation-summer-replacement\/embed\/#?secret=xrHWUIh1dn\" width=\"600\" height=\"338\" title=\"\u00ab\u00a0Poste combl\u00e9: Transport \u2013 remplacement d\u2019\u00e9t\u00e9\u00a0\u00bb &#8212; CRCOC - OCCRC\" data-secret=\"xrHWUIh1dn\" frameborder=\"0\" marginwidth=\"0\" marginheight=\"0\" scrolling=\"no\" class=\"wp-embedded-content\"><\/iframe><script>\n\/*! This file is auto-generated *\/\n!function(d,l){\"use strict\";l.querySelector&&d.addEventListener&&\"undefined\"!=typeof URL&&(d.wp=d.wp||{},d.wp.receiveEmbedMessage||(d.wp.receiveEmbedMessage=function(e){var t=e.data;if((t||t.secret||t.message||t.value)&&!\/[^a-zA-Z0-9]\/.test(t.secret)){for(var s,r,n,a=l.querySelectorAll('iframe[data-secret=\"'+t.secret+'\"]'),o=l.querySelectorAll('blockquote[data-secret=\"'+t.secret+'\"]'),c=new RegExp(\"^https?:$\",\"i\"),i=0;i<o.length;i++)o[i].style.display=\"none\";for(i=0;i<a.length;i++)s=a[i],e.source===s.contentWindow&&(s.removeAttribute(\"style\"),\"height\"===t.message?(1e3<(r=parseInt(t.value,10))?r=1e3:~~r<200&&(r=200),s.height=r):\"link\"===t.message&&(r=new URL(s.getAttribute(\"src\")),n=new URL(t.value),c.test(n.protocol))&&n.host===r.host&&l.activeElement===s&&(d.top.location.href=t.value))}},d.addEventListener(\"message\",d.wp.receiveEmbedMessage,!1),l.addEventListener(\"DOMContentLoaded\",function(){for(var e,t,s=l.querySelectorAll(\"iframe.wp-embedded-content\"),r=0;r<s.length;r++)(t=(e=s[r]).getAttribute(\"data-secret\"))||(t=Math.random().toString(36).substring(2,12),e.src+=\"#?secret=\"+t,e.setAttribute(\"data-secret\",t)),e.contentWindow.postMessage({message:\"ready\",secret:t},\"*\")},!1)))}(window,document);\n\/\/# sourceURL=https:\/\/www.crcoc.ca\/wp-includes\/js\/wp-embed.min.js\n<\/script>\n","thumbnail_url":"http:\/\/www.crcoc.ca\/wp-content\/uploads\/2019\/02\/Icone-fr_22.png","thumbnail_width":251,"thumbnail_height":168,"description":"Le b\u00e9n\u00e9vole fournira le transport 1 fois par semaine, le jeudi, \u00e0 deux participantes qui assistent au groupe social du Centre. Poste de remplacement pour les mois de juillet, ao\u00fbt et septembre 2019. Le groupe commence \u00e0 13h jusqu\u2019\u00e0 15h. Exigence&nbsp;: document d\u2019assurance de v\u00e9hicule pour 2 millions. Le kilom\u00e9trage est rembours\u00e9. Si vous \u00eates ... Read more"}